{"id":3702,"date":"2022-08-23T13:43:06","date_gmt":"2022-08-23T11:43:06","guid":{"rendered":"https:\/\/www.volkstheater.ch\/istorgia\/"},"modified":"2023-12-17T12:56:48","modified_gmt":"2023-12-17T11:56:48","slug":"istorgia","status":"publish","type":"page","link":"https:\/\/www.volkstheater.ch\/rm\/istorgia\/","title":{"rendered":"Istorgia"},"content":{"rendered":"\n<p><em>\u00abIl matg 1902 ha preschent\u00e0 l\u2019Ensemble dal Stadttheater da St. Gallen a Herisau il \u00abNiklaus von Fl\u00fce\u00bb da Stegemann. Cun quai ch\u2019ils acturs vevan fadia cun il dialet e che quai pareva da disturbar substanzialmain, ha decid\u00ec l\u2019Uniun dramatica da Herisau, da preschentar il toc en stgetta lingua uriunda svizra. Sin quai \u00e8 per\u00f2 vegn\u00ec refus\u00e0 il dretg da represchentaziun. Persvas che be ina gronda organisaziun \u00e8 capabla da gidar a singulas pitschnas uniuns da vegnir a lur dretgs da prender posiziun cunter refus betg gustifitgads dal dretg da represchentaziun, da preservar e da promover ils interess da las societads affiliadas en tut ils reguards, per che questas ultimas possian accumplir e cumplettar vicendaivelmain il dovair attribui, ha decid\u00ec la suprastanza da l\u2019Uniun dramatica da Herisau il zercladur dal 1903, da prender l\u2019iniziativa e da fundar ina Associaziun da las uniuns dramaticas da la Svizra.\u00bb<\/em><\/p>\n\n<p>Per quest intent da fundar ina associaziun da las uniuns dramaticas, sco quai ch\u2019era usit en autras spartas da la cultura populara, han chatt\u00e0 ils da Herisau ina partenaria cun experienza en l\u2019Uniun dramatica da Turitg: l\u2019Uniun dramatica da Turitg era gi\u00e0 co-inizianta da l\u2019Associaziun da las uniuns dramaticas da la citad da Turitg.<\/p>\n\n<div class=\"wp-block-pb-accordion-item c-accordion__item js-accordion-item no-js\" data-initially-open=\"false\" data-click-to-close=\"true\" data-auto-close=\"true\" data-scroll=\"false\" data-scroll-offset=\"0\"><h2 id=\"at-2560\" class=\"c-accordion__title js-accordion-controller\" role=\"button\">18.11.1906<\/h2><div id=\"ac-2560\" class=\"c-accordion__content\">\n<p>Fundaziun da l\u2019associaziun \u00abZentralverband Schweizerischer Dramatischer Vereine\u00bb (ZSDV).<\/p>\n<\/div><\/div>\n\n<div class=\"wp-block-pb-accordion-item c-accordion__item js-accordion-item no-js\" data-initially-open=\"false\" data-click-to-close=\"true\" data-auto-close=\"true\" data-scroll=\"false\" data-scroll-offset=\"0\"><h2 id=\"at-2561\" class=\"c-accordion__title js-accordion-controller\" role=\"button\">1917<\/h2><div id=\"ac-2561\" class=\"c-accordion__content\">\n<p>Emprima cumparsa dad ina revista d\u2019uniun sut il titel da \u00abDer Schmetterling\u00bb. A partir dal 1918 ha num la gasetta \u00abSchweizer B\u00fchne\u00bb, a partir dal 1920 \u00abDie Volksb\u00fchne\u00bb ed a partir dal 1957 \u00abSchweizer Theaterzeitung\u00bb. L\u2019onn 1971 veva num la revista curtamain \u00abLaientheater\u00bb, a partir dal 1972 \u00abDialog\u00bb e dapi il 1981 cumpara ella sut il num da \u00abTheater Zytig\u00bb<\/p>\n<\/div><\/div>\n\n<div class=\"wp-block-pb-accordion-item c-accordion__item js-accordion-item no-js\" data-initially-open=\"false\" data-click-to-close=\"true\" data-auto-close=\"true\" data-scroll=\"false\" data-scroll-offset=\"0\"><h2 id=\"at-2562\" class=\"c-accordion__title js-accordion-controller\" role=\"button\">1942<\/h2><div id=\"ac-2562\" class=\"c-accordion__content\">\n<p>Fundaziun dad ina associaziun da concurrenza pervi dad opiniuns differentas a reguard la dumonda tgi che dastga daventar commembra\/commember da l\u2019associaziun. En l\u2019avegnir exista era anc la \u00abGesellschaft f\u00fcr das Schweizerische Volkstheater\u00bb (GSVT), che s\u2019occupa era dal teater betg professiunal en la Svizra tudestga.<\/p>\n<\/div><\/div>\n\n<div class=\"wp-block-pb-accordion-item c-accordion__item js-accordion-item no-js\" data-initially-open=\"false\" data-click-to-close=\"true\" data-auto-close=\"true\" data-scroll=\"false\" data-scroll-offset=\"0\"><h2 id=\"at-2563\" class=\"c-accordion__title js-accordion-controller\" role=\"button\">1962<\/h2><div id=\"ac-2563\" class=\"c-accordion__content\">\n<p>L\u2019associaziun ZSDV survegn in nov nom \u00abZentralverband Schweizer Volksb\u00fchnen\u00bb (ZSV).<\/p>\n<\/div><\/div>\n\n<div class=\"wp-block-pb-accordion-item c-accordion__item js-accordion-item no-js\" data-initially-open=\"false\" data-click-to-close=\"true\" data-auto-close=\"true\" data-scroll=\"false\" data-scroll-offset=\"0\"><h2 id=\"at-2564\" class=\"c-accordion__title js-accordion-controller\" role=\"button\">1979<\/h2><div id=\"ac-2564\" class=\"c-accordion__content\">\n<p>Fusiun da la ZSV cun la GSVT: La nouva associaziun \u00abZentralverband Schweizer Volkstheater\u00bb \u00e8 realitad. En las regiuns da Berna e Valais existan parallel duas uniuns regiunalas independentas.<\/p>\n<\/div><\/div>\n\n<div class=\"wp-block-pb-accordion-item c-accordion__item js-accordion-item no-js\" data-initially-open=\"false\" data-click-to-close=\"true\" data-auto-close=\"true\" data-scroll=\"false\" data-scroll-offset=\"0\"><h2 id=\"at-2565\" class=\"c-accordion__title js-accordion-controller\" role=\"button\">1982<\/h2><div id=\"ac-2565\" class=\"c-accordion__content\">\n<p>L\u2019Uniun per il Teater Popular dal Grischun (UTP) daventa commembra da la UCTAS\/ZSV.<\/p>\n<\/div><\/div>\n\n<div class=\"wp-block-pb-accordion-item c-accordion__item js-accordion-item no-js\" data-initially-open=\"false\" data-click-to-close=\"true\" data-auto-close=\"true\" data-scroll=\"false\" data-scroll-offset=\"0\"><h2 id=\"at-2566\" class=\"c-accordion__title js-accordion-controller\" role=\"button\">1991<\/h2><div id=\"ac-2566\" class=\"c-accordion__content\">\n<p>Suttascripziun dad in contract dad amicizia cun las associaziuns da la Svizra franzosa e taliana.<\/p>\n<\/div><\/div>\n\n<div class=\"wp-block-pb-accordion-item c-accordion__item js-accordion-item no-js\" data-initially-open=\"false\" data-click-to-close=\"true\" data-auto-close=\"true\" data-scroll=\"false\" data-scroll-offset=\"0\"><h2 id=\"at-2567\" class=\"c-accordion__title js-accordion-controller\" role=\"button\">1992<\/h2><div id=\"ac-2567\" class=\"c-accordion__content\">\n<p>Lavurs preliminaras per ina nova structra d\u2019uniun cun las uniuns regiunalas ed ina uniun tetgala.<\/p>\n<\/div><\/div>\n\n<div class=\"wp-block-pb-accordion-item c-accordion__item js-accordion-item no-js\" data-initially-open=\"false\" data-click-to-close=\"true\" data-auto-close=\"true\" data-scroll=\"false\" data-scroll-offset=\"0\"><h2 id=\"at-2568\" class=\"c-accordion__title js-accordion-controller\" role=\"button\">1994<\/h2><div id=\"ac-2568\" class=\"c-accordion__content\">\n<p>L\u2019associaziun vegn partida en 8 regiuns e, nua che quai n\u2019\u00e8 anc betg il cas, vegnan fundadas uniuns regiunalas e chantunalas correspundentas. L\u2019emprima Biennala da las quatter uniuns linguisticas ha lieu.<\/p>\n<\/div><\/div>\n\n<div class=\"wp-block-pb-accordion-item c-accordion__item js-accordion-item no-js\" data-initially-open=\"false\" data-click-to-close=\"true\" data-auto-close=\"true\" data-scroll=\"false\" data-scroll-offset=\"0\"><h2 id=\"at-2569\" class=\"c-accordion__title js-accordion-controller\" role=\"button\">2012<\/h2><div id=\"ac-2569\" class=\"c-accordion__content\">\n<p>Schliazun da l\u2019uniun per il teater popular dal Valais tudestg. L\u2019Uniun consista da nov be anc da ses uniuns regiunals e d\u2019ina uniun chantunala.<\/p>\n<\/div><\/div>\n\n<div class=\"wp-block-pb-accordion-item c-accordion__item js-accordion-item no-js\" data-initially-open=\"false\" data-click-to-close=\"true\" data-auto-close=\"true\" data-scroll=\"false\" data-scroll-offset=\"0\"><h2 id=\"at-25610\" class=\"c-accordion__title js-accordion-controller\" role=\"button\">2020<\/h2><div id=\"ac-25610\" class=\"c-accordion__content\">\n<p>L\u2019Uffizi federal per cultura vul sustegnair be pli uniuns che opereschan sin tut la Svizra e sur tut las quatter linguas. Lavurs preliminaras per la fundaziun d\u2019ina uniun tetgala per l\u2019entira Svizra.<\/p>\n<\/div><\/div>\n\n<div class=\"wp-block-pb-accordion-item c-accordion__item js-accordion-item no-js\" data-initially-open=\"false\" data-click-to-close=\"true\" data-auto-close=\"true\" data-scroll=\"false\" data-scroll-offset=\"0\"><h2 id=\"at-25611\" class=\"c-accordion__title js-accordion-controller\" role=\"button\">2022<\/h2><div id=\"ac-25611\" class=\"c-accordion__content\">\n<p>A las radunanzas annualas da la F\u00e9d\u00e9ration Suisse des Societ\u00e9e Th\u00e9\u00e2trales d\u2019Amateurs (FSSTA), a la quala \u00e8 colliada era la Svizra taliana e da la UCTAS\/ZSV vegnan approvadas las structuras per la nova associaziun tetgala da l\u2019entira Svizra TAS (Teater Amatur Svizra).<\/p>\n<\/div><\/div>\n","protected":false},"excerpt":{"rendered":"<p>\u00abIl matg 1902 ha preschent\u00e0 l\u2019Ensemble dal Stadttheater da St. Gallen a Herisau il \u00abNiklaus von Fl\u00fce\u00bb da Stegemann. Cun quai ch\u2019ils acturs vevan fadia cun il dialet e che quai pareva da disturbar substanzialmain, ha decid\u00ec l\u2019Uniun dramatica da Herisau, da preschentar il toc en stgetta lingua uriunda svizra. Sin quai \u00e8 per\u00f2 vegn\u00ec [&hellip;]<\/p>\n","protected":false},"author":11,"featured_media":3703,"parent":0,"menu_order":0,"comment_status":"closed","ping_status":"closed","template":"","meta":{"_acf_changed":false,"inline_featured_image":false,"footnotes":""},"class_list":["post-3702","page","type-page","status-publish","has-post-thumbnail","hentry"],"acf":[],"yoast_head":"<!-- This site is optimized with the Yoast SEO plugin v27.5 - https:\/\/yoast.com\/product\/yoast-seo-wordpress\/ -->\n<title>Istorgia - Zentralverband Schweizer Volkstheater<\/title>\n<meta name=\"robots\" content=\"index, follow, max-snippet:-1, max-image-preview:large, max-video-preview:-1\" \/>\n<link rel=\"canonical\" href=\"https:\/\/www.volkstheater.ch\/rm\/istorgia\/\" \/>\n<meta property=\"og:locale\" content=\"rm_CH\" \/>\n<meta property=\"og:type\" content=\"article\" \/>\n<meta property=\"og:title\" content=\"Istorgia - Zentralverband Schweizer Volkstheater\" \/>\n<meta property=\"og:description\" content=\"\u00abIl matg 1902 ha preschent\u00e0 l\u2019Ensemble dal Stadttheater da St. Gallen a Herisau il \u00abNiklaus von Fl\u00fce\u00bb da Stegemann. Cun quai ch\u2019ils acturs vevan fadia cun il dialet e che quai pareva da disturbar substanzialmain, ha decid\u00ec l\u2019Uniun dramatica da Herisau, da preschentar il toc en stgetta lingua uriunda svizra. Sin quai \u00e8 per\u00f2 vegn\u00ec [&hellip;]\" \/>\n<meta property=\"og:url\" content=\"https:\/\/www.volkstheater.ch\/rm\/istorgia\/\" \/>\n<meta property=\"og:site_name\" content=\"Zentralverband Schweizer Volkstheater\" \/>\n<meta property=\"article:modified_time\" content=\"2023-12-17T11:56:48+00:00\" \/>\n<meta property=\"og:image\" content=\"https:\/\/www.volkstheater.ch\/wp-content\/uploads\/2022\/10\/Geschichte.jpg\" \/>\n\t<meta property=\"og:image:width\" content=\"1024\" \/>\n\t<meta property=\"og:image:height\" content=\"576\" \/>\n\t<meta property=\"og:image:type\" content=\"image\/jpeg\" \/>\n<meta name=\"twitter:card\" content=\"summary_large_image\" \/>\n<meta name=\"twitter:label1\" content=\"Est. reading time\" \/>\n\t<meta name=\"twitter:data1\" content=\"3 minutes\" \/>\n<script type=\"application\/ld+json\" class=\"yoast-schema-graph\">{\"@context\":\"https:\\\/\\\/schema.org\",\"@graph\":[{\"@type\":\"WebPage\",\"@id\":\"https:\\\/\\\/www.volkstheater.ch\\\/rm\\\/istorgia\\\/\",\"url\":\"https:\\\/\\\/www.volkstheater.ch\\\/rm\\\/istorgia\\\/\",\"name\":\"Istorgia - Zentralverband Schweizer Volkstheater\",\"isPartOf\":{\"@id\":\"https:\\\/\\\/www.volkstheater.ch\\\/#website\"},\"primaryImageOfPage\":{\"@id\":\"https:\\\/\\\/www.volkstheater.ch\\\/rm\\\/istorgia\\\/#primaryimage\"},\"image\":{\"@id\":\"https:\\\/\\\/www.volkstheater.ch\\\/rm\\\/istorgia\\\/#primaryimage\"},\"thumbnailUrl\":\"https:\\\/\\\/www.volkstheater.ch\\\/wp-content\\\/uploads\\\/2022\\\/10\\\/Geschichte.jpg\",\"datePublished\":\"2022-08-23T11:43:06+00:00\",\"dateModified\":\"2023-12-17T11:56:48+00:00\",\"breadcrumb\":{\"@id\":\"https:\\\/\\\/www.volkstheater.ch\\\/rm\\\/istorgia\\\/#breadcrumb\"},\"inLanguage\":\"rm-CH\",\"potentialAction\":[{\"@type\":\"ReadAction\",\"target\":[\"https:\\\/\\\/www.volkstheater.ch\\\/rm\\\/istorgia\\\/\"]}]},{\"@type\":\"ImageObject\",\"inLanguage\":\"rm-CH\",\"@id\":\"https:\\\/\\\/www.volkstheater.ch\\\/rm\\\/istorgia\\\/#primaryimage\",\"url\":\"https:\\\/\\\/www.volkstheater.ch\\\/wp-content\\\/uploads\\\/2022\\\/10\\\/Geschichte.jpg\",\"contentUrl\":\"https:\\\/\\\/www.volkstheater.ch\\\/wp-content\\\/uploads\\\/2022\\\/10\\\/Geschichte.jpg\",\"width\":1024,\"height\":576},{\"@type\":\"BreadcrumbList\",\"@id\":\"https:\\\/\\\/www.volkstheater.ch\\\/rm\\\/istorgia\\\/#breadcrumb\",\"itemListElement\":[{\"@type\":\"ListItem\",\"position\":1,\"name\":\"Startseite\",\"item\":\"https:\\\/\\\/www.volkstheater.ch\\\/rm\\\/\"},{\"@type\":\"ListItem\",\"position\":2,\"name\":\"Istorgia\"}]},{\"@type\":\"WebSite\",\"@id\":\"https:\\\/\\\/www.volkstheater.ch\\\/#website\",\"url\":\"https:\\\/\\\/www.volkstheater.ch\\\/\",\"name\":\"Zentralverband Schweizer Volkstheater\",\"description\":\"Dachverband des Amateurtheaters in der deutschen und r\u00e4toromanischen Schweiz\",\"potentialAction\":[{\"@type\":\"SearchAction\",\"target\":{\"@type\":\"EntryPoint\",\"urlTemplate\":\"https:\\\/\\\/www.volkstheater.ch\\\/?s={search_term_string}\"},\"query-input\":{\"@type\":\"PropertyValueSpecification\",\"valueRequired\":true,\"valueName\":\"search_term_string\"}}],\"inLanguage\":\"rm-CH\"}]}<\/script>\n<!-- \/ Yoast SEO plugin. -->","yoast_head_json":{"title":"Istorgia - Zentralverband Schweizer Volkstheater","robots":{"index":"index","follow":"follow","max-snippet":"max-snippet:-1","max-image-preview":"max-image-preview:large","max-video-preview":"max-video-preview:-1"},"canonical":"https:\/\/www.volkstheater.ch\/rm\/istorgia\/","og_locale":"rm_CH","og_type":"article","og_title":"Istorgia - Zentralverband Schweizer Volkstheater","og_description":"\u00abIl matg 1902 ha preschent\u00e0 l\u2019Ensemble dal Stadttheater da St. Gallen a Herisau il \u00abNiklaus von Fl\u00fce\u00bb da Stegemann. Cun quai ch\u2019ils acturs vevan fadia cun il dialet e che quai pareva da disturbar substanzialmain, ha decid\u00ec l\u2019Uniun dramatica da Herisau, da preschentar il toc en stgetta lingua uriunda svizra. Sin quai \u00e8 per\u00f2 vegn\u00ec [&hellip;]","og_url":"https:\/\/www.volkstheater.ch\/rm\/istorgia\/","og_site_name":"Zentralverband Schweizer Volkstheater","article_modified_time":"2023-12-17T11:56:48+00:00","og_image":[{"width":1024,"height":576,"url":"https:\/\/www.volkstheater.ch\/wp-content\/uploads\/2022\/10\/Geschichte.jpg","type":"image\/jpeg"}],"twitter_card":"summary_large_image","twitter_misc":{"Est. reading time":"3 minutes"},"schema":{"@context":"https:\/\/schema.org","@graph":[{"@type":"WebPage","@id":"https:\/\/www.volkstheater.ch\/rm\/istorgia\/","url":"https:\/\/www.volkstheater.ch\/rm\/istorgia\/","name":"Istorgia - Zentralverband Schweizer Volkstheater","isPartOf":{"@id":"https:\/\/www.volkstheater.ch\/#website"},"primaryImageOfPage":{"@id":"https:\/\/www.volkstheater.ch\/rm\/istorgia\/#primaryimage"},"image":{"@id":"https:\/\/www.volkstheater.ch\/rm\/istorgia\/#primaryimage"},"thumbnailUrl":"https:\/\/www.volkstheater.ch\/wp-content\/uploads\/2022\/10\/Geschichte.jpg","datePublished":"2022-08-23T11:43:06+00:00","dateModified":"2023-12-17T11:56:48+00:00","breadcrumb":{"@id":"https:\/\/www.volkstheater.ch\/rm\/istorgia\/#breadcrumb"},"inLanguage":"rm-CH","potentialAction":[{"@type":"ReadAction","target":["https:\/\/www.volkstheater.ch\/rm\/istorgia\/"]}]},{"@type":"ImageObject","inLanguage":"rm-CH","@id":"https:\/\/www.volkstheater.ch\/rm\/istorgia\/#primaryimage","url":"https:\/\/www.volkstheater.ch\/wp-content\/uploads\/2022\/10\/Geschichte.jpg","contentUrl":"https:\/\/www.volkstheater.ch\/wp-content\/uploads\/2022\/10\/Geschichte.jpg","width":1024,"height":576},{"@type":"BreadcrumbList","@id":"https:\/\/www.volkstheater.ch\/rm\/istorgia\/#breadcrumb","itemListElement":[{"@type":"ListItem","position":1,"name":"Startseite","item":"https:\/\/www.volkstheater.ch\/rm\/"},{"@type":"ListItem","position":2,"name":"Istorgia"}]},{"@type":"WebSite","@id":"https:\/\/www.volkstheater.ch\/#website","url":"https:\/\/www.volkstheater.ch\/","name":"Zentralverband Schweizer Volkstheater","description":"Dachverband des Amateurtheaters in der deutschen und r\u00e4toromanischen Schweiz","potentialAction":[{"@type":"SearchAction","target":{"@type":"EntryPoint","urlTemplate":"https:\/\/www.volkstheater.ch\/?s={search_term_string}"},"query-input":{"@type":"PropertyValueSpecification","valueRequired":true,"valueName":"search_term_string"}}],"inLanguage":"rm-CH"}]}},"_links":{"self":[{"href":"https:\/\/www.volkstheater.ch\/rm\/wp-json\/wp\/v2\/pages\/3702","targetHints":{"allow":["GET"]}}],"collection":[{"href":"https:\/\/www.volkstheater.ch\/rm\/wp-json\/wp\/v2\/pages"}],"about":[{"href":"https:\/\/www.volkstheater.ch\/rm\/wp-json\/wp\/v2\/types\/page"}],"author":[{"embeddable":true,"href":"https:\/\/www.volkstheater.ch\/rm\/wp-json\/wp\/v2\/users\/11"}],"replies":[{"embeddable":true,"href":"https:\/\/www.volkstheater.ch\/rm\/wp-json\/wp\/v2\/comments?post=3702"}],"version-history":[{"count":1,"href":"https:\/\/www.volkstheater.ch\/rm\/wp-json\/wp\/v2\/pages\/3702\/revisions"}],"predecessor-version":[{"id":3704,"href":"https:\/\/www.volkstheater.ch\/rm\/wp-json\/wp\/v2\/pages\/3702\/revisions\/3704"}],"wp:featuredmedia":[{"embeddable":true,"href":"https:\/\/www.volkstheater.ch\/rm\/wp-json\/wp\/v2\/media\/3703"}],"wp:attachment":[{"href":"https:\/\/www.volkstheater.ch\/rm\/wp-json\/wp\/v2\/media?parent=3702"}],"curies":[{"name":"wp","href":"https:\/\/api.w.org\/{rel}","templated":true}]}}