{"id":3705,"date":"2022-08-23T16:55:33","date_gmt":"2022-08-23T14:55:33","guid":{"rendered":"https:\/\/www.volkstheater.ch\/dialog\/"},"modified":"2023-12-17T13:03:43","modified_gmt":"2023-12-17T12:03:43","slug":"dialog","status":"publish","type":"page","link":"https:\/\/www.volkstheater.ch\/rm\/dialog\/","title":{"rendered":"Dialog"},"content":{"rendered":"\n<p>La UCTAS tgira il barat professiunal ed amicabel cun tut las regiunas linguisticas en Svizra e cun l\u2019ester da lingua tudestga. Ella tgira contacts internaziunals ensemen cun organisaziuns ed associaziuns colliadas.<\/p>\n\n<p><\/p>\n\n<h2 class=\"wp-block-heading\">Barat intercultural<\/h2>\n<section id=\"\" class=\"verbaende\" >\n  <div class=\"row\">\n      <div class=\"verband col-md-6 col-lg-4 col-xxl-3\">\n      <div class=\"verband-inner\">\n        <div class=\"verband-front background-blue\">\n          <p>Cuminanza da lavur da las uniuns da teater amatur da lingua tudestga (AddA)<\/p>\n          <a href=\"\" target=\"_blank\"><\/a>\n          <a href=\"\"><\/a>\n        <\/div>\n        <div class=\"verband-back\">\n          <img decoding=\"async\" src=\"https:\/\/www.volkstheater.ch\/wp-content\/uploads\/2022\/09\/AddA-lbox-456x152-FFFFFF.jpg\" alt=\"\" class=\"logo\">\n          <div>\n            <a href=\"\" class=\"back-url\" target=\"_blank\">AddA<\/a>\n          <\/div>\n          <p>Cuminanza da lavur da las uniuns da teater amatur da lingua tudestga<\/p>\n\n        <\/div>\n      <\/div>\n    <\/div>\n      <div class=\"verband col-md-6 col-lg-4 col-xxl-3\">\n      <div class=\"verband-inner\">\n        <div class=\"verband-front background-blue\">\n          <p>European Drama Encounters (EDERED)<\/p>\n          <a href=\"http:\/\/www.edered.org\/\" target=\"_blank\"><\/a>\n          <a href=\"\"><\/a>\n        <\/div>\n        <div class=\"verband-back\">\n          <img decoding=\"async\" src=\"https:\/\/www.volkstheater.ch\/wp-content\/uploads\/2022\/09\/EDERED_ACRO_Color-1-lbox-456x152-FFFFFF.jpg\" alt=\"\" class=\"logo\">\n          <div>\n            <a href=\"http:\/\/www.edered.org\/\" class=\"back-url\" target=\"_blank\">EDERED<\/a>\n          <\/div>\n          <p>European Drama Encounters<\/p>\n\n        <\/div>\n      <\/div>\n    <\/div>\n    <\/div>\n<\/section>\n\n<h2 class=\"wp-block-heading\">Associaziuns da partenari<\/h2>\n\n<p>L\u2019Uniun centrala s\u2019engascha en numerusas reticulaziuns internaziunalas. Ensemen cun associaziuns da partenari vegn procur\u00e0 ch\u2019il teater amatur possia exister vinavant ed a pli lunga vista:<\/p>\n\n<ul class=\"wp-block-list\">\n<li>Barat intercultural<\/li>\n\n\n\n<li>Scolaziun e furmaziun supplementara<\/li>\n\n\n\n<li>Organisaziun dad inscunters da gieu a l\u2019exteriur ed a l\u2019interiur<\/li>\n<\/ul>\n<section id=\"\" class=\"verbaende\" >\n  <div class=\"row\">\n      <div class=\"verband col-md-6 col-lg-4 col-xxl-3\">\n      <div class=\"verband-inner\">\n        <div class=\"verband-front background-blue\">\n          <p>F\u00e9d\u00e9ration Suisse des Soci\u00e9t\u00e9s Th\u00e9\u00e2trales d\u2019Amateurs (FSSTA)<\/p>\n          <a href=\"https:\/\/www.fssta.ch\/index.php\/fr\/\" target=\"_blank\"><\/a>\n          <a href=\"\"><\/a>\n        <\/div>\n        <div class=\"verband-back\">\n          <img decoding=\"async\" src=\"https:\/\/www.volkstheater.ch\/wp-content\/uploads\/2022\/09\/LogoFSSTA-lbox-456x152-FFFFFF.jpg\" alt=\"\" class=\"logo\">\n          <div>\n            <a href=\"https:\/\/www.fssta.ch\/index.php\/fr\/\" class=\"back-url\" target=\"_blank\">FSSTA<\/a>\n          <\/div>\n          <p>F\u00e9d\u00e9ration Suisse des Soci\u00e9t\u00e9s Th\u00e9\u00e2trales d\u2019Amateurs<\/p>\n\n        <\/div>\n      <\/div>\n    <\/div>\n      <div class=\"verband col-md-6 col-lg-4 col-xxl-3\">\n      <div class=\"verband-inner\">\n        <div class=\"verband-front background-blue\">\n          <p>Federazione Filodrammatiche della Svizzera Italiana (FFSI)<\/p>\n          <a href=\"https:\/\/www.ffsi.ch\/\" target=\"_blank\"><\/a>\n          <a href=\"\"><\/a>\n        <\/div>\n        <div class=\"verband-back\">\n          <img decoding=\"async\" src=\"https:\/\/www.volkstheater.ch\/wp-content\/uploads\/2022\/09\/ffsi-lbox-456x152-FFFFFF.jpg\" alt=\"\" class=\"logo\">\n          <div>\n            <a href=\"https:\/\/www.ffsi.ch\/\" class=\"back-url\" target=\"_blank\">FFSI<\/a>\n          <\/div>\n          <p>Federazione Filodrammatiche della Svizzera Italiana<\/p>\n\n        <\/div>\n      <\/div>\n    <\/div>\n      <div class=\"verband col-md-6 col-lg-4 col-xxl-3\">\n      <div class=\"verband-inner\">\n        <div class=\"verband-front background-blue\">\n          <p>S\u00fcdtiroler Theaterverband<\/p>\n          <a href=\"https:\/\/www.stv.bz.it\/146.html\" target=\"_blank\"><\/a>\n          <a href=\"\"><\/a>\n        <\/div>\n        <div class=\"verband-back\">\n          <img decoding=\"async\" src=\"https:\/\/www.volkstheater.ch\/wp-content\/uploads\/2022\/09\/stv-lbox-456x152-FFFFFF.jpg\" alt=\"\" class=\"logo\">\n          <div>\n            <a href=\"https:\/\/www.stv.bz.it\/146.html\" class=\"back-url\" target=\"_blank\">S\u00fcdtiroler Theaterverband<\/a>\n          <\/div>\n          \n        <\/div>\n      <\/div>\n    <\/div>\n      <div class=\"verband col-md-6 col-lg-4 col-xxl-3\">\n      <div class=\"verband-inner\">\n        <div class=\"verband-front background-blue\">\n          <p>\u00d6sterreichischer Bundesverband f\u00fcr ausserberufliche Theater (\u00d6BV)<\/p>\n          <a href=\"https:\/\/www.oebvtheater.at\/\" target=\"_blank\"><\/a>\n          <a href=\"\"><\/a>\n        <\/div>\n        <div class=\"verband-back\">\n          <img decoding=\"async\" src=\"https:\/\/www.volkstheater.ch\/wp-content\/uploads\/2022\/09\/bv-logo-klein_1-lbox-456x152-FFFFFF.jpg\" alt=\"\" class=\"logo\">\n          <div>\n            <a href=\"https:\/\/www.oebvtheater.at\/\" class=\"back-url\" target=\"_blank\">\u00d6BV<\/a>\n          <\/div>\n          <p>\u00d6sterreichischer Bundesverband f\u00fcr ausserberufliche Theater<\/p>\n\n        <\/div>\n      <\/div>\n    <\/div>\n      <div class=\"verband col-md-6 col-lg-4 col-xxl-3\">\n      <div class=\"verband-inner\">\n        <div class=\"verband-front background-blue\">\n          <p>Bund deutscher amateur Theater (BDAT)<\/p>\n          <a href=\"https:\/\/bdat.info\/\" target=\"_blank\"><\/a>\n          <a href=\"\"><\/a>\n        <\/div>\n        <div class=\"verband-back\">\n          <img decoding=\"async\" src=\"https:\/\/www.volkstheater.ch\/wp-content\/uploads\/2023\/02\/BDAT-Logo-2022_Rot_RGB_1000px-lbox-456x152-FFFFFF.jpg\" alt=\"\" class=\"logo\">\n          <div>\n            <a href=\"https:\/\/bdat.info\/\" class=\"back-url\" target=\"_blank\">BDAT<\/a>\n          <\/div>\n          <p>Bund deutscher amateur Theater<\/p>\n\n        <\/div>\n      <\/div>\n    <\/div>\n      <div class=\"verband col-md-6 col-lg-4 col-xxl-3\">\n      <div class=\"verband-inner\">\n        <div class=\"verband-front background-blue\">\n          <p>Bundesarbeitsgemeinschaft Spiel &amp; Theater (BAG)<\/p>\n          <a href=\"https:\/\/bag-online.de\/\" target=\"_blank\"><\/a>\n          <a href=\"\"><\/a>\n        <\/div>\n        <div class=\"verband-back\">\n          <img decoding=\"async\" src=\"https:\/\/www.volkstheater.ch\/wp-content\/uploads\/2022\/10\/bag-lbox-456x152-FFFFFF.jpg\" alt=\"\" class=\"logo\">\n          <div>\n            <a href=\"https:\/\/bag-online.de\/\" class=\"back-url\" target=\"_blank\">BAG<\/a>\n          <\/div>\n          <p>Bundesarbeitsgemeinschaft Spiel &amp; Theater<\/p>\n\n        <\/div>\n      <\/div>\n    <\/div>\n    <\/div>\n<\/section>\n\n<div style=\"height:50px\" aria-hidden=\"true\" class=\"wp-block-spacer\"><\/div>\n\n<h2 class=\"wp-block-heading\">Nossas commembranzas<\/h2>\n\n<p>Cuminanza d\u2019interess per cultura populara svizra (<a rel=\"noreferrer noopener\" href=\"https:\/\/www.volkskultur.ch\/index.php\/de\/\" target=\"_blank\">IG Volkskultur<\/a>)<\/p>\n\n<h2 class=\"wp-block-heading\">Promoturs<\/h2>\n\n<p>L\u2019Uniun centrala vegn sustegnida da l\u2019Uffizi federal per cultura.<\/p>\n","protected":false},"excerpt":{"rendered":"<p>La UCTAS tgira il barat professiunal ed amicabel cun tut las regiunas linguisticas en Svizra e cun l\u2019ester da lingua tudestga. Ella tgira contacts internaziunals ensemen cun organisaziuns ed associaziuns colliadas. Barat intercultural Associaziuns da partenari L\u2019Uniun centrala s\u2019engascha en numerusas reticulaziuns internaziunalas. Ensemen cun associaziuns da partenari vegn procur\u00e0 ch\u2019il teater amatur possia exister [&hellip;]<\/p>\n","protected":false},"author":11,"featured_media":3706,"parent":0,"menu_order":0,"comment_status":"closed","ping_status":"closed","template":"","meta":{"_acf_changed":false,"inline_featured_image":false,"footnotes":""},"class_list":["post-3705","page","type-page","status-publish","has-post-thumbnail","hentry"],"acf":[],"yoast_head":"<!-- This site is optimized with the Yoast SEO plugin v27.5 - https:\/\/yoast.com\/product\/yoast-seo-wordpress\/ -->\n<title>Dialog - Zentralverband Schweizer Volkstheater<\/title>\n<meta name=\"robots\" content=\"index, follow, max-snippet:-1, max-image-preview:large, max-video-preview:-1\" \/>\n<link rel=\"canonical\" href=\"https:\/\/www.volkstheater.ch\/rm\/dialog\/\" \/>\n<meta property=\"og:locale\" content=\"rm_CH\" \/>\n<meta property=\"og:type\" content=\"article\" \/>\n<meta property=\"og:title\" content=\"Dialog - Zentralverband Schweizer Volkstheater\" \/>\n<meta property=\"og:description\" content=\"La UCTAS tgira il barat professiunal ed amicabel cun tut las regiunas linguisticas en Svizra e cun l\u2019ester da lingua tudestga. Ella tgira contacts internaziunals ensemen cun organisaziuns ed associaziuns colliadas. Barat intercultural Associaziuns da partenari L\u2019Uniun centrala s\u2019engascha en numerusas reticulaziuns internaziunalas. Ensemen cun associaziuns da partenari vegn procur\u00e0 ch\u2019il teater amatur possia exister [&hellip;]\" \/>\n<meta property=\"og:url\" content=\"https:\/\/www.volkstheater.ch\/rm\/dialog\/\" \/>\n<meta property=\"og:site_name\" content=\"Zentralverband Schweizer Volkstheater\" \/>\n<meta property=\"article:modified_time\" content=\"2023-12-17T12:03:43+00:00\" \/>\n<meta property=\"og:image\" content=\"https:\/\/www.volkstheater.ch\/wp-content\/uploads\/2022\/10\/gesichter0-1024x227.png\" \/>\n\t<meta property=\"og:image:width\" content=\"1024\" \/>\n\t<meta property=\"og:image:height\" content=\"227\" \/>\n\t<meta property=\"og:image:type\" content=\"image\/png\" \/>\n<meta name=\"twitter:card\" content=\"summary_large_image\" \/>\n<meta name=\"twitter:label1\" content=\"Est. reading time\" \/>\n\t<meta name=\"twitter:data1\" content=\"1 minute\" \/>\n<script type=\"application\/ld+json\" class=\"yoast-schema-graph\">{\"@context\":\"https:\\\/\\\/schema.org\",\"@graph\":[{\"@type\":\"WebPage\",\"@id\":\"https:\\\/\\\/www.volkstheater.ch\\\/rm\\\/dialog\\\/\",\"url\":\"https:\\\/\\\/www.volkstheater.ch\\\/rm\\\/dialog\\\/\",\"name\":\"Dialog - Zentralverband Schweizer Volkstheater\",\"isPartOf\":{\"@id\":\"https:\\\/\\\/www.volkstheater.ch\\\/#website\"},\"primaryImageOfPage\":{\"@id\":\"https:\\\/\\\/www.volkstheater.ch\\\/rm\\\/dialog\\\/#primaryimage\"},\"image\":{\"@id\":\"https:\\\/\\\/www.volkstheater.ch\\\/rm\\\/dialog\\\/#primaryimage\"},\"thumbnailUrl\":\"https:\\\/\\\/www.volkstheater.ch\\\/wp-content\\\/uploads\\\/2022\\\/10\\\/gesichter0.png\",\"datePublished\":\"2022-08-23T14:55:33+00:00\",\"dateModified\":\"2023-12-17T12:03:43+00:00\",\"breadcrumb\":{\"@id\":\"https:\\\/\\\/www.volkstheater.ch\\\/rm\\\/dialog\\\/#breadcrumb\"},\"inLanguage\":\"rm-CH\",\"potentialAction\":[{\"@type\":\"ReadAction\",\"target\":[\"https:\\\/\\\/www.volkstheater.ch\\\/rm\\\/dialog\\\/\"]}]},{\"@type\":\"ImageObject\",\"inLanguage\":\"rm-CH\",\"@id\":\"https:\\\/\\\/www.volkstheater.ch\\\/rm\\\/dialog\\\/#primaryimage\",\"url\":\"https:\\\/\\\/www.volkstheater.ch\\\/wp-content\\\/uploads\\\/2022\\\/10\\\/gesichter0.png\",\"contentUrl\":\"https:\\\/\\\/www.volkstheater.ch\\\/wp-content\\\/uploads\\\/2022\\\/10\\\/gesichter0.png\",\"width\":2500,\"height\":555},{\"@type\":\"BreadcrumbList\",\"@id\":\"https:\\\/\\\/www.volkstheater.ch\\\/rm\\\/dialog\\\/#breadcrumb\",\"itemListElement\":[{\"@type\":\"ListItem\",\"position\":1,\"name\":\"Startseite\",\"item\":\"https:\\\/\\\/www.volkstheater.ch\\\/rm\\\/\"},{\"@type\":\"ListItem\",\"position\":2,\"name\":\"Dialog\"}]},{\"@type\":\"WebSite\",\"@id\":\"https:\\\/\\\/www.volkstheater.ch\\\/#website\",\"url\":\"https:\\\/\\\/www.volkstheater.ch\\\/\",\"name\":\"Zentralverband Schweizer Volkstheater\",\"description\":\"Dachverband des Amateurtheaters in der deutschen und r\u00e4toromanischen Schweiz\",\"potentialAction\":[{\"@type\":\"SearchAction\",\"target\":{\"@type\":\"EntryPoint\",\"urlTemplate\":\"https:\\\/\\\/www.volkstheater.ch\\\/?s={search_term_string}\"},\"query-input\":{\"@type\":\"PropertyValueSpecification\",\"valueRequired\":true,\"valueName\":\"search_term_string\"}}],\"inLanguage\":\"rm-CH\"}]}<\/script>\n<!-- \/ Yoast SEO plugin. -->","yoast_head_json":{"title":"Dialog - Zentralverband Schweizer Volkstheater","robots":{"index":"index","follow":"follow","max-snippet":"max-snippet:-1","max-image-preview":"max-image-preview:large","max-video-preview":"max-video-preview:-1"},"canonical":"https:\/\/www.volkstheater.ch\/rm\/dialog\/","og_locale":"rm_CH","og_type":"article","og_title":"Dialog - Zentralverband Schweizer Volkstheater","og_description":"La UCTAS tgira il barat professiunal ed amicabel cun tut las regiunas linguisticas en Svizra e cun l\u2019ester da lingua tudestga. Ella tgira contacts internaziunals ensemen cun organisaziuns ed associaziuns colliadas. Barat intercultural Associaziuns da partenari L\u2019Uniun centrala s\u2019engascha en numerusas reticulaziuns internaziunalas. Ensemen cun associaziuns da partenari vegn procur\u00e0 ch\u2019il teater amatur possia exister [&hellip;]","og_url":"https:\/\/www.volkstheater.ch\/rm\/dialog\/","og_site_name":"Zentralverband Schweizer Volkstheater","article_modified_time":"2023-12-17T12:03:43+00:00","og_image":[{"width":1024,"height":227,"url":"https:\/\/www.volkstheater.ch\/wp-content\/uploads\/2022\/10\/gesichter0-1024x227.png","type":"image\/png"}],"twitter_card":"summary_large_image","twitter_misc":{"Est. reading time":"1 minute"},"schema":{"@context":"https:\/\/schema.org","@graph":[{"@type":"WebPage","@id":"https:\/\/www.volkstheater.ch\/rm\/dialog\/","url":"https:\/\/www.volkstheater.ch\/rm\/dialog\/","name":"Dialog - Zentralverband Schweizer Volkstheater","isPartOf":{"@id":"https:\/\/www.volkstheater.ch\/#website"},"primaryImageOfPage":{"@id":"https:\/\/www.volkstheater.ch\/rm\/dialog\/#primaryimage"},"image":{"@id":"https:\/\/www.volkstheater.ch\/rm\/dialog\/#primaryimage"},"thumbnailUrl":"https:\/\/www.volkstheater.ch\/wp-content\/uploads\/2022\/10\/gesichter0.png","datePublished":"2022-08-23T14:55:33+00:00","dateModified":"2023-12-17T12:03:43+00:00","breadcrumb":{"@id":"https:\/\/www.volkstheater.ch\/rm\/dialog\/#breadcrumb"},"inLanguage":"rm-CH","potentialAction":[{"@type":"ReadAction","target":["https:\/\/www.volkstheater.ch\/rm\/dialog\/"]}]},{"@type":"ImageObject","inLanguage":"rm-CH","@id":"https:\/\/www.volkstheater.ch\/rm\/dialog\/#primaryimage","url":"https:\/\/www.volkstheater.ch\/wp-content\/uploads\/2022\/10\/gesichter0.png","contentUrl":"https:\/\/www.volkstheater.ch\/wp-content\/uploads\/2022\/10\/gesichter0.png","width":2500,"height":555},{"@type":"BreadcrumbList","@id":"https:\/\/www.volkstheater.ch\/rm\/dialog\/#breadcrumb","itemListElement":[{"@type":"ListItem","position":1,"name":"Startseite","item":"https:\/\/www.volkstheater.ch\/rm\/"},{"@type":"ListItem","position":2,"name":"Dialog"}]},{"@type":"WebSite","@id":"https:\/\/www.volkstheater.ch\/#website","url":"https:\/\/www.volkstheater.ch\/","name":"Zentralverband Schweizer Volkstheater","description":"Dachverband des Amateurtheaters in der deutschen und r\u00e4toromanischen Schweiz","potentialAction":[{"@type":"SearchAction","target":{"@type":"EntryPoint","urlTemplate":"https:\/\/www.volkstheater.ch\/?s={search_term_string}"},"query-input":{"@type":"PropertyValueSpecification","valueRequired":true,"valueName":"search_term_string"}}],"inLanguage":"rm-CH"}]}},"_links":{"self":[{"href":"https:\/\/www.volkstheater.ch\/rm\/wp-json\/wp\/v2\/pages\/3705","targetHints":{"allow":["GET"]}}],"collection":[{"href":"https:\/\/www.volkstheater.ch\/rm\/wp-json\/wp\/v2\/pages"}],"about":[{"href":"https:\/\/www.volkstheater.ch\/rm\/wp-json\/wp\/v2\/types\/page"}],"author":[{"embeddable":true,"href":"https:\/\/www.volkstheater.ch\/rm\/wp-json\/wp\/v2\/users\/11"}],"replies":[{"embeddable":true,"href":"https:\/\/www.volkstheater.ch\/rm\/wp-json\/wp\/v2\/comments?post=3705"}],"version-history":[{"count":3,"href":"https:\/\/www.volkstheater.ch\/rm\/wp-json\/wp\/v2\/pages\/3705\/revisions"}],"predecessor-version":[{"id":3709,"href":"https:\/\/www.volkstheater.ch\/rm\/wp-json\/wp\/v2\/pages\/3705\/revisions\/3709"}],"wp:featuredmedia":[{"embeddable":true,"href":"https:\/\/www.volkstheater.ch\/rm\/wp-json\/wp\/v2\/media\/3706"}],"wp:attachment":[{"href":"https:\/\/www.volkstheater.ch\/rm\/wp-json\/wp\/v2\/media?parent=3705"}],"curies":[{"name":"wp","href":"https:\/\/api.w.org\/{rel}","templated":true}]}}